{"id":290,"date":"2023-02-01T16:12:39","date_gmt":"2023-02-01T16:12:39","guid":{"rendered":"https:\/\/colcar.cl\/inicio\/?page_id=290"},"modified":"2026-04-14T16:59:01","modified_gmt":"2026-04-14T16:59:01","slug":"nosotros","status":"publish","type":"page","link":"https:\/\/colcar.cl\/inicio\/nosotros\/","title":{"rendered":"Nosotros"},"content":{"rendered":"\t\t<div data-elementor-type=\"wp-page\" data-elementor-id=\"290\" class=\"elementor elementor-290\" data-elementor-post-type=\"page\">\n\t\t\t\t\t\t\t<div class=\"elementor-element elementor-element-34745e4 e-con-full e-flex e-con\" data-id=\"34745e4\" data-element_type=\"container\" data-settings=\"{&quot;background_background&quot;:&quot;classic&quot;,&quot;content_width&quot;:&quot;full&quot;}\" data-e-bg-lazyload=\"\">\n\t\t<div class=\"elementor-element elementor-element-4abfcf6 e-con-full e-flex e-con\" data-id=\"4abfcf6\" data-element_type=\"container\" data-settings=\"{&quot;background_background&quot;:&quot;classic&quot;,&quot;content_width&quot;:&quot;full&quot;}\">\n\t\t\t\t<div class=\"elementor-element elementor-element-136946d elementor-widget elementor-widget-heading\" data-id=\"136946d\" data-element_type=\"widget\" data-widget_type=\"heading.default\">\n\t\t\t\t<div class=\"elementor-widget-container\">\n\t\t\t<style>\/*! elementor - v3.15.0 - 26-07-2023 *\/\n.elementor-heading-title{padding:0;margin:0;line-height:1}.elementor-widget-heading .elementor-heading-title[class*=elementor-size-]>a{color:inherit;font-size:inherit;line-height:inherit}.elementor-widget-heading .elementor-heading-title.elementor-size-small{font-size:15px}.elementor-widget-heading .elementor-heading-title.elementor-size-medium{font-size:19px}.elementor-widget-heading .elementor-heading-title.elementor-size-large{font-size:29px}.elementor-widget-heading .elementor-heading-title.elementor-size-xl{font-size:39px}.elementor-widget-heading .elementor-heading-title.elementor-size-xxl{font-size:59px}<\/style><h1 class=\"elementor-heading-title elementor-size-default\">Nosotros<\/h1>\t\t<\/div>\n\t\t\t\t<\/div>\n\t\t\t\t<\/div>\n\t\t\t\t<\/div>\n\t\t<div class=\"elementor-element elementor-element-efc9bee e-flex e-con-boxed e-con\" data-id=\"efc9bee\" data-element_type=\"container\" data-settings=\"{&quot;content_width&quot;:&quot;boxed&quot;}\">\n\t\t\t\t\t<div class=\"e-con-inner\">\n\t\t<div class=\"elementor-element elementor-element-e763c69 e-con-full e-flex e-con\" data-id=\"e763c69\" data-element_type=\"container\" data-settings=\"{&quot;content_width&quot;:&quot;full&quot;}\">\n\t\t\t\t<div class=\"elementor-element elementor-element-25210f4 elementor-widget elementor-widget-heading\" data-id=\"25210f4\" data-element_type=\"widget\" data-widget_type=\"heading.default\">\n\t\t\t\t<div class=\"elementor-widget-container\">\n\t\t\t<h2 class=\"elementor-heading-title elementor-size-default\">COLEGIO CARMELA <br>CARVAJAL DE PRAT<\/h2>\t\t<\/div>\n\t\t\t\t<\/div>\n\t\t\t\t<div class=\"elementor-element elementor-element-2661566 elementor-widget elementor-widget-text-editor\" data-id=\"2661566\" data-element_type=\"widget\" data-widget_type=\"text-editor.default\">\n\t\t\t\t<div class=\"elementor-widget-container\">\n\t\t\t<style>\/*! elementor - v3.15.0 - 26-07-2023 *\/\n.elementor-widget-text-editor.elementor-drop-cap-view-stacked .elementor-drop-cap{background-color:#69727d;color:#fff}.elementor-widget-text-editor.elementor-drop-cap-view-framed .elementor-drop-cap{color:#69727d;border:3px solid;background-color:transparent}.elementor-widget-text-editor:not(.elementor-drop-cap-view-default) .elementor-drop-cap{margin-top:8px}.elementor-widget-text-editor:not(.elementor-drop-cap-view-default) .elementor-drop-cap-letter{width:1em;height:1em}.elementor-widget-text-editor .elementor-drop-cap{float:left;text-align:center;line-height:1;font-size:50px}.elementor-widget-text-editor .elementor-drop-cap-letter{display:inline-block}<\/style>\t\t\t\t<p>El 19 de Noviembre de 1941 nace en la Isla Quiriquina, comuna de Talcahuano, la escuela p\u00fablica N\u00ba22, perteneciente al Ministerio de Educaci\u00f3n. En 1981 pasa a depender del Sistema Comunal de Educaci\u00f3n de la Municipalidad de Talcahuano, siendo traspasada finalmente a la Fundaci\u00f3n Almirante Carlos Condell en el a\u00f1o 1996 con el nombre de \u00abCarmela Carvajal de Prat\u00bb<\/p><p>Como consecuencia del cambio de sostenedor, este establecimiento pas\u00f3 de la modalidad de administraci\u00f3n particular a la modalidad particular subvencionado.<\/p><p>En el presente, el Colegio Carmela Carvajal de Prat cuenta con una matr\u00edcula de 55 alumnos de 1\u00ba a 6\u00ba a\u00f1o b\u00e1sico con cursos combinados en Jornada escolar completa. El personal del colegio est\u00e1 integrado por la directora Sra. Daniela Cuevas Espinoza, 6 docentes, 1 educadora diferencial y 3 asistentes de la educaci\u00f3n.<\/p><p>En marzo 2024 es reconocido por el Ministerio de Educaci\u00f3n como uno de los establecimientos del pa\u00eds con \u00abExcelencia Acad\u00e9mica\u00bb por el per\u00edodo 2024-2025.<\/p><p>La caracter\u00edstica principal de nuestro establecimiento es que es un colegio familiar y rural, los estudiantes viven en su mayor\u00eda en la isla Quiriquina, son hijos de funcionarios de la Armada de Chile y normalmente permanecen pocos a\u00f1os en el colegio por el traslado de sus padres.<\/p>\t\t\t\t\t\t<\/div>\n\t\t\t\t<\/div>\n\t\t\t\t<\/div>\n\t\t<div class=\"elementor-element elementor-element-32ae267 e-con-full e-flex e-con\" data-id=\"32ae267\" data-element_type=\"container\" data-settings=\"{&quot;content_width&quot;:&quot;full&quot;,&quot;background_background&quot;:&quot;slideshow&quot;,&quot;background_slideshow_gallery&quot;:[{&quot;id&quot;:43,&quot;url&quot;:&quot;https:\\\/\\\/colcar.cl\\\/inicio\\\/wp-content\\\/uploads\\\/2023\\\/01\\\/Nosotros-coleguio-.webp&quot;},{&quot;id&quot;:280,&quot;url&quot;:&quot;https:\\\/\\\/colcar.cl\\\/inicio\\\/wp-content\\\/uploads\\\/2023\\\/02\\\/img_1374.webp&quot;}],&quot;background_slideshow_lazyload&quot;:&quot;yes&quot;,&quot;background_slideshow_ken_burns&quot;:&quot;yes&quot;,&quot;background_slideshow_loop&quot;:&quot;yes&quot;,&quot;background_slideshow_slide_duration&quot;:5000,&quot;background_slideshow_slide_transition&quot;:&quot;fade&quot;,&quot;background_slideshow_transition_duration&quot;:500,&quot;background_slideshow_ken_burns_zoom_direction&quot;:&quot;in&quot;}\">\n\t\t\t\t<\/div>\n\t\t\t\t\t<\/div>\n\t\t\t\t<\/div>\n\t\t<div class=\"elementor-element elementor-element-7aa9e04 e-flex e-con-boxed e-con\" data-id=\"7aa9e04\" data-element_type=\"container\" data-settings=\"{&quot;content_width&quot;:&quot;boxed&quot;}\">\n\t\t\t\t\t<div class=\"e-con-inner\">\n\t\t<div class=\"elementor-element elementor-element-376a64b e-con-full e-flex e-con\" data-id=\"376a64b\" data-element_type=\"container\" data-settings=\"{&quot;content_width&quot;:&quot;full&quot;,&quot;motion_fx_motion_fx_scrolling&quot;:&quot;yes&quot;,&quot;motion_fx_devices&quot;:[&quot;desktop&quot;,&quot;tablet&quot;,&quot;mobile&quot;]}\">\n\t\t\t\t<div class=\"elementor-element elementor-element-b1acf68 elementor-view-default elementor-widget elementor-widget-icon\" data-id=\"b1acf68\" data-element_type=\"widget\" data-widget_type=\"icon.default\">\n\t\t\t\t<div class=\"elementor-widget-container\">\n\t\t\t\t\t<div class=\"elementor-icon-wrapper\">\n\t\t\t<div class=\"elementor-icon\">\n\t\t\t<svg aria-hidden=\"true\" class=\"e-font-icon-svg e-fas-landmark\" viewBox=\"0 0 512 512\" xmlns=\"http:\/\/www.w3.org\/2000\/svg\"><path d=\"M501.62 92.11L267.24 2.04a31.958 31.958 0 0 0-22.47 0L10.38 92.11A16.001 16.001 0 0 0 0 107.09V144c0 8.84 7.16 16 16 16h480c8.84 0 16-7.16 16-16v-36.91c0-6.67-4.14-12.64-10.38-14.98zM64 192v160H48c-8.84 0-16 7.16-16 16v48h448v-48c0-8.84-7.16-16-16-16h-16V192h-64v160h-96V192h-64v160h-96V192H64zm432 256H16c-8.84 0-16 7.16-16 16v32c0 8.84 7.16 16 16 16h480c8.84 0 16-7.16 16-16v-32c0-8.84-7.16-16-16-16z\"><\/path><\/svg>\t\t\t<\/div>\n\t\t<\/div>\n\t\t\t\t<\/div>\n\t\t\t\t<\/div>\n\t\t\t\t<div class=\"elementor-element elementor-element-e518c98 elementor-widget elementor-widget-heading\" data-id=\"e518c98\" data-element_type=\"widget\" data-widget_type=\"heading.default\">\n\t\t\t\t<div class=\"elementor-widget-container\">\n\t\t\t<h2 class=\"elementor-heading-title elementor-size-default\">Misi\u00f3n<\/h2>\t\t<\/div>\n\t\t\t\t<\/div>\n\t\t<div class=\"elementor-element elementor-element-001ac32 e-flex e-con-boxed e-con\" data-id=\"001ac32\" data-element_type=\"container\" data-settings=\"{&quot;background_background&quot;:&quot;classic&quot;,&quot;content_width&quot;:&quot;boxed&quot;}\">\n\t\t\t\t\t<div class=\"e-con-inner\">\n\t\t\t\t<div class=\"elementor-element elementor-element-61bacee elementor-widget elementor-widget-text-editor\" data-id=\"61bacee\" data-element_type=\"widget\" data-widget_type=\"text-editor.default\">\n\t\t\t\t<div class=\"elementor-widget-container\">\n\t\t\t\t\t\t\t<p>El colegio \u201cCarmela Carvajal de Prat\u201d entregar\u00e1 a sus alumnos y alumnas una formaci\u00f3n inspirada en los principios de dios, patria y familia\u201d, a trav\u00e9s de una alta exigencia acad\u00e9mica, considerando sus intereses, capacidades y necesidades, privilegiando un ambiente participativo y democr\u00e1tico en su proceso de ense\u00f1anza aprendizaje.<\/p>\t\t\t\t\t\t<\/div>\n\t\t\t\t<\/div>\n\t\t\t\t\t<\/div>\n\t\t\t\t<\/div>\n\t\t\t\t<\/div>\n\t\t<div class=\"elementor-element elementor-element-554ac18 e-con-full e-flex e-con\" data-id=\"554ac18\" data-element_type=\"container\" data-settings=\"{&quot;content_width&quot;:&quot;full&quot;,&quot;motion_fx_motion_fx_scrolling&quot;:&quot;yes&quot;,&quot;motion_fx_devices&quot;:[&quot;desktop&quot;,&quot;tablet&quot;,&quot;mobile&quot;]}\">\n\t\t\t\t<div class=\"elementor-element elementor-element-4d17fec elementor-view-default elementor-widget elementor-widget-icon\" data-id=\"4d17fec\" data-element_type=\"widget\" data-widget_type=\"icon.default\">\n\t\t\t\t<div class=\"elementor-widget-container\">\n\t\t\t\t\t<div class=\"elementor-icon-wrapper\">\n\t\t\t<div class=\"elementor-icon\">\n\t\t\t<svg aria-hidden=\"true\" class=\"e-font-icon-svg e-fas-user-graduate\" viewBox=\"0 0 448 512\" xmlns=\"http:\/\/www.w3.org\/2000\/svg\"><path d=\"M319.4 320.6L224 416l-95.4-95.4C57.1 323.7 0 382.2 0 454.4v9.6c0 26.5 21.5 48 48 48h352c26.5 0 48-21.5 48-48v-9.6c0-72.2-57.1-130.7-128.6-133.8zM13.6 79.8l6.4 1.5v58.4c-7 4.2-12 11.5-12 20.3 0 8.4 4.6 15.4 11.1 19.7L3.5 242c-1.7 6.9 2.1 14 7.6 14h41.8c5.5 0 9.3-7.1 7.6-14l-15.6-62.3C51.4 175.4 56 168.4 56 160c0-8.8-5-16.1-12-20.3V87.1l66 15.9c-8.6 17.2-14 36.4-14 57 0 70.7 57.3 128 128 128s128-57.3 128-128c0-20.6-5.3-39.8-14-57l96.3-23.2c18.2-4.4 18.2-27.1 0-31.5l-190.4-46c-13-3.1-26.7-3.1-39.7 0L13.6 48.2c-18.1 4.4-18.1 27.2 0 31.6z\"><\/path><\/svg>\t\t\t<\/div>\n\t\t<\/div>\n\t\t\t\t<\/div>\n\t\t\t\t<\/div>\n\t\t\t\t<div class=\"elementor-element elementor-element-7c9d30c elementor-widget elementor-widget-heading\" data-id=\"7c9d30c\" data-element_type=\"widget\" data-widget_type=\"heading.default\">\n\t\t\t\t<div class=\"elementor-widget-container\">\n\t\t\t<h2 class=\"elementor-heading-title elementor-size-default\">Visi\u00f3n<\/h2>\t\t<\/div>\n\t\t\t\t<\/div>\n\t\t<div class=\"elementor-element elementor-element-0eaed07 e-flex e-con-boxed e-con\" data-id=\"0eaed07\" data-element_type=\"container\" data-settings=\"{&quot;background_background&quot;:&quot;classic&quot;,&quot;content_width&quot;:&quot;boxed&quot;}\">\n\t\t\t\t\t<div class=\"e-con-inner\">\n\t\t\t\t<div class=\"elementor-element elementor-element-9d58add elementor-widget elementor-widget-text-editor\" data-id=\"9d58add\" data-element_type=\"widget\" data-widget_type=\"text-editor.default\">\n\t\t\t\t<div class=\"elementor-widget-container\">\n\t\t\t\t\t\t\t<p>Ser reconocido como un colegio particular subvencionado de calidad, propiciando el desarrollo de alumnos y alumnas responsables, capaces de abrirse a los dem\u00e1s con af\u00e1n de servicio y estimular las relaciones afectivas para acceder y mantenerse con\u00a0\u00a0\u00a0 buen rendimiento en la\u00a0 ense\u00f1anza b\u00e1sica para acceder, sin dificultades, a la ense\u00f1anza media.<\/p>\t\t\t\t\t\t<\/div>\n\t\t\t\t<\/div>\n\t\t\t\t\t<\/div>\n\t\t\t\t<\/div>\n\t\t\t\t<\/div>\n\t\t\t\t\t<\/div>\n\t\t\t\t<\/div>\n\t\t<div class=\"elementor-element elementor-element-64f659a e-con-full e-flex e-con\" data-id=\"64f659a\" data-element_type=\"container\" data-settings=\"{&quot;content_width&quot;:&quot;full&quot;,&quot;background_background&quot;:&quot;classic&quot;}\" data-e-bg-lazyload=\"\">\n\t\t<div class=\"elementor-element elementor-element-1a11277 e-flex e-con-boxed e-con\" data-id=\"1a11277\" data-element_type=\"container\" data-settings=\"{&quot;content_width&quot;:&quot;boxed&quot;}\">\n\t\t\t\t\t<div class=\"e-con-inner\">\n\t\t\t\t<div class=\"elementor-element elementor-element-a4449b4 elementor-widget elementor-widget-heading\" data-id=\"a4449b4\" data-element_type=\"widget\" data-widget_type=\"heading.default\">\n\t\t\t\t<div class=\"elementor-widget-container\">\n\t\t\t<h2 class=\"elementor-heading-title elementor-size-default\">Sellos: Dios, Patria y Familia<\/h2>\t\t<\/div>\n\t\t\t\t<\/div>\n\t\t\t\t\t<\/div>\n\t\t\t\t<\/div>\n\t\t\t\t<\/div>\n\t\t<div class=\"elementor-element elementor-element-76e3a6e e-con-full e-flex e-con\" data-id=\"76e3a6e\" data-element_type=\"container\" data-settings=\"{&quot;content_width&quot;:&quot;full&quot;}\">\n\t\t<div class=\"elementor-element elementor-element-f6dc457 e-flex e-con-boxed e-con\" data-id=\"f6dc457\" data-element_type=\"container\" data-settings=\"{&quot;content_width&quot;:&quot;boxed&quot;}\">\n\t\t\t\t\t<div class=\"e-con-inner\">\n\t\t<div class=\"elementor-element elementor-element-df616aa e-flex e-con-boxed e-con\" data-id=\"df616aa\" data-element_type=\"container\" data-settings=\"{&quot;content_width&quot;:&quot;boxed&quot;}\">\n\t\t\t\t\t<div class=\"e-con-inner\">\n\t\t\t\t<div class=\"elementor-element elementor-element-d75c6a0 elementor-position-left elementor-vertical-align-middle elementor-view-default elementor-mobile-position-top elementor-widget elementor-widget-icon-box\" data-id=\"d75c6a0\" data-element_type=\"widget\" data-widget_type=\"icon-box.default\">\n\t\t\t\t<div class=\"elementor-widget-container\">\n\t\t\t<link rel=\"stylesheet\" href=\"https:\/\/colcar.cl\/inicio\/wp-content\/plugins\/elementor\/assets\/css\/widget-icon-box.min.css\">\t\t<div class=\"elementor-icon-box-wrapper\">\n\t\t\t\t\t\t<div class=\"elementor-icon-box-icon\">\n\t\t\t\t<span class=\"elementor-icon elementor-animation-shrink\" >\n\t\t\t\t<svg aria-hidden=\"true\" class=\"e-font-icon-svg e-fas-praying-hands\" viewBox=\"0 0 640 512\" xmlns=\"http:\/\/www.w3.org\/2000\/svg\"><path d=\"M272 191.91c-17.6 0-32 14.4-32 32v80c0 8.84-7.16 16-16 16s-16-7.16-16-16v-76.55c0-17.39 4.72-34.47 13.69-49.39l77.75-129.59c9.09-15.16 4.19-34.81-10.97-43.91-14.45-8.67-32.72-4.3-42.3 9.21-.2.23-.62.21-.79.48l-117.26 175.9C117.56 205.9 112 224.31 112 243.29v80.23l-90.12 30.04A31.974 31.974 0 0 0 0 383.91v96c0 10.82 8.52 32 32 32 2.69 0 5.41-.34 8.06-1.03l179.19-46.62C269.16 449.99 304 403.8 304 351.91v-128c0-17.6-14.4-32-32-32zm346.12 161.73L528 323.6v-80.23c0-18.98-5.56-37.39-16.12-53.23L394.62 14.25c-.18-.27-.59-.24-.79-.48-9.58-13.51-27.85-17.88-42.3-9.21-15.16 9.09-20.06 28.75-10.97 43.91l77.75 129.59c8.97 14.92 13.69 32 13.69 49.39V304c0 8.84-7.16 16-16 16s-16-7.16-16-16v-80c0-17.6-14.4-32-32-32s-32 14.4-32 32v128c0 51.89 34.84 98.08 84.75 112.34l179.19 46.62c2.66.69 5.38 1.03 8.06 1.03 23.48 0 32-21.18 32-32v-96c0-13.77-8.81-25.99-21.88-30.35z\"><\/path><\/svg>\t\t\t\t<\/span>\n\t\t\t<\/div>\n\t\t\t\t\t\t<div class=\"elementor-icon-box-content\">\n\t\t\t\t<h3 class=\"elementor-icon-box-title\">\n\t\t\t\t\t<span  >\n\t\t\t\t\t\tDios\t\t\t\t\t<\/span>\n\t\t\t\t<\/h3>\n\t\t\t\t\t\t\t<\/div>\n\t\t<\/div>\n\t\t\t\t<\/div>\n\t\t\t\t<\/div>\n\t\t<div class=\"elementor-element elementor-element-0f59c4f e-con-full e-flex e-con\" data-id=\"0f59c4f\" data-element_type=\"container\" data-settings=\"{&quot;content_width&quot;:&quot;full&quot;,&quot;background_background&quot;:&quot;classic&quot;}\">\n\t\t\t\t<div class=\"elementor-element elementor-element-e1975e9 elementor-widget elementor-widget-text-editor\" data-id=\"e1975e9\" data-element_type=\"widget\" data-widget_type=\"text-editor.default\">\n\t\t\t\t<div class=\"elementor-widget-container\">\n\t\t\t\t\t\t\t<ul><li>Fidelidad \/ Lealtad<\/li><li>Generosidad \/ Solidaridad<\/li><li>Humildad \/ Sencillez<\/li><li>Honestidad<\/li><li>Honradez<\/li><\/ul>\t\t\t\t\t\t<\/div>\n\t\t\t\t<\/div>\n\t\t\t\t<\/div>\n\t\t\t\t\t<\/div>\n\t\t\t\t<\/div>\n\t\t\t\t\t<\/div>\n\t\t\t\t<\/div>\n\t\t<div class=\"elementor-element elementor-element-c35de6e e-flex e-con-boxed e-con\" data-id=\"c35de6e\" data-element_type=\"container\" data-settings=\"{&quot;content_width&quot;:&quot;boxed&quot;}\">\n\t\t\t\t\t<div class=\"e-con-inner\">\n\t\t<div class=\"elementor-element elementor-element-59d62b1 e-flex e-con-boxed e-con\" data-id=\"59d62b1\" data-element_type=\"container\" data-settings=\"{&quot;content_width&quot;:&quot;boxed&quot;}\">\n\t\t\t\t\t<div class=\"e-con-inner\">\n\t\t\t\t<div class=\"elementor-element elementor-element-7a66efc elementor-position-left elementor-vertical-align-middle elementor-view-default elementor-mobile-position-top elementor-widget elementor-widget-icon-box\" data-id=\"7a66efc\" data-element_type=\"widget\" data-widget_type=\"icon-box.default\">\n\t\t\t\t<div class=\"elementor-widget-container\">\n\t\t\t\t\t<div class=\"elementor-icon-box-wrapper\">\n\t\t\t\t\t\t<div class=\"elementor-icon-box-icon\">\n\t\t\t\t<span class=\"elementor-icon elementor-animation-shrink\" >\n\t\t\t\t<svg aria-hidden=\"true\" class=\"e-font-icon-svg e-fab-font-awesome-flag\" viewBox=\"0 0 448 512\" xmlns=\"http:\/\/www.w3.org\/2000\/svg\"><path d=\"M444.373 359.424c0 7.168-6.144 10.24-13.312 13.312-28.672 12.288-59.392 23.552-92.16 23.552-46.08 0-67.584-28.672-122.88-28.672-39.936 0-81.92 14.336-115.712 29.696-2.048 1.024-4.096 1.024-6.144 2.048v77.824c0 21.405-16.122 34.816-33.792 34.816-19.456 0-34.816-15.36-34.816-34.816V102.4C12.245 92.16 3.029 75.776 3.029 57.344 3.029 25.6 28.629 0 60.373 0s57.344 25.6 57.344 57.344c0 18.432-8.192 34.816-22.528 45.056v31.744c4.124-1.374 58.768-28.672 114.688-28.672 65.27 0 97.676 27.648 126.976 27.648 38.912 0 81.92-27.648 92.16-27.648 8.192 0 15.36 6.144 15.36 13.312v240.64z\"><\/path><\/svg>\t\t\t\t<\/span>\n\t\t\t<\/div>\n\t\t\t\t\t\t<div class=\"elementor-icon-box-content\">\n\t\t\t\t<h3 class=\"elementor-icon-box-title\">\n\t\t\t\t\t<span  >\n\t\t\t\t\t\tPATRIA\t\t\t\t\t<\/span>\n\t\t\t\t<\/h3>\n\t\t\t\t\t\t\t<\/div>\n\t\t<\/div>\n\t\t\t\t<\/div>\n\t\t\t\t<\/div>\n\t\t<div class=\"elementor-element elementor-element-d575cfe e-con-full e-flex e-con\" data-id=\"d575cfe\" data-element_type=\"container\" data-settings=\"{&quot;content_width&quot;:&quot;full&quot;,&quot;background_background&quot;:&quot;classic&quot;}\">\n\t\t\t\t<div class=\"elementor-element elementor-element-432e9fd elementor-widget elementor-widget-text-editor\" data-id=\"432e9fd\" data-element_type=\"widget\" data-widget_type=\"text-editor.default\">\n\t\t\t\t<div class=\"elementor-widget-container\">\n\t\t\t\t\t\t\t<p>Patriotismo (civilidad, ciudadan\u00eda, respeto a los signos patrios, al medio ambiente, a las autoridades, al pr\u00f3jimo)<\/p><ul><li>Laboriosidad<\/li><li>Tolerancia<\/li><li>Responsabilidad<\/li><li>Respeto<\/li><\/ul>\t\t\t\t\t\t<\/div>\n\t\t\t\t<\/div>\n\t\t\t\t<\/div>\n\t\t\t\t\t<\/div>\n\t\t\t\t<\/div>\n\t\t\t\t\t<\/div>\n\t\t\t\t<\/div>\n\t\t<div class=\"elementor-element elementor-element-fe1ceb3 e-flex e-con-boxed e-con\" data-id=\"fe1ceb3\" data-element_type=\"container\" data-settings=\"{&quot;content_width&quot;:&quot;boxed&quot;}\">\n\t\t\t\t\t<div class=\"e-con-inner\">\n\t\t<div class=\"elementor-element elementor-element-a5959cd e-flex e-con-boxed e-con\" data-id=\"a5959cd\" data-element_type=\"container\" data-settings=\"{&quot;content_width&quot;:&quot;boxed&quot;}\">\n\t\t\t\t\t<div class=\"e-con-inner\">\n\t\t\t\t<div class=\"elementor-element elementor-element-c8f2612 elementor-position-left elementor-vertical-align-middle elementor-view-default elementor-mobile-position-top elementor-widget elementor-widget-icon-box\" data-id=\"c8f2612\" data-element_type=\"widget\" data-widget_type=\"icon-box.default\">\n\t\t\t\t<div class=\"elementor-widget-container\">\n\t\t\t\t\t<div class=\"elementor-icon-box-wrapper\">\n\t\t\t\t\t\t<div class=\"elementor-icon-box-icon\">\n\t\t\t\t<span class=\"elementor-icon elementor-animation-shrink\" >\n\t\t\t\t<svg aria-hidden=\"true\" class=\"e-font-icon-svg e-fas-users\" viewBox=\"0 0 640 512\" xmlns=\"http:\/\/www.w3.org\/2000\/svg\"><path d=\"M96 224c35.3 0 64-28.7 64-64s-28.7-64-64-64-64 28.7-64 64 28.7 64 64 64zm448 0c35.3 0 64-28.7 64-64s-28.7-64-64-64-64 28.7-64 64 28.7 64 64 64zm32 32h-64c-17.6 0-33.5 7.1-45.1 18.6 40.3 22.1 68.9 62 75.1 109.4h66c17.7 0 32-14.3 32-32v-32c0-35.3-28.7-64-64-64zm-256 0c61.9 0 112-50.1 112-112S381.9 32 320 32 208 82.1 208 144s50.1 112 112 112zm76.8 32h-8.3c-20.8 10-43.9 16-68.5 16s-47.6-6-68.5-16h-8.3C179.6 288 128 339.6 128 403.2V432c0 26.5 21.5 48 48 48h288c26.5 0 48-21.5 48-48v-28.8c0-63.6-51.6-115.2-115.2-115.2zm-223.7-13.4C161.5 263.1 145.6 256 128 256H64c-35.3 0-64 28.7-64 64v32c0 17.7 14.3 32 32 32h65.9c6.3-47.4 34.9-87.3 75.2-109.4z\"><\/path><\/svg>\t\t\t\t<\/span>\n\t\t\t<\/div>\n\t\t\t\t\t\t<div class=\"elementor-icon-box-content\">\n\t\t\t\t<h3 class=\"elementor-icon-box-title\">\n\t\t\t\t\t<span  >\n\t\t\t\t\t\tFAMILIA\t\t\t\t\t<\/span>\n\t\t\t\t<\/h3>\n\t\t\t\t\t\t\t<\/div>\n\t\t<\/div>\n\t\t\t\t<\/div>\n\t\t\t\t<\/div>\n\t\t<div class=\"elementor-element elementor-element-0f3084c e-con-full e-flex e-con\" data-id=\"0f3084c\" data-element_type=\"container\" data-settings=\"{&quot;content_width&quot;:&quot;full&quot;,&quot;background_background&quot;:&quot;classic&quot;}\">\n\t\t\t\t<div class=\"elementor-element elementor-element-de1da23 elementor-widget elementor-widget-text-editor\" data-id=\"de1da23\" data-element_type=\"widget\" data-widget_type=\"text-editor.default\">\n\t\t\t\t<div class=\"elementor-widget-container\">\n\t\t\t\t\t\t\t<ul><li>Amor familiar<\/li><li>Obediencia<\/li><li>Orden<\/li><li>Prudencia<\/li><li>Pudor<\/li><\/ul>\t\t\t\t\t\t<\/div>\n\t\t\t\t<\/div>\n\t\t\t\t<\/div>\n\t\t\t\t\t<\/div>\n\t\t\t\t<\/div>\n\t\t\t\t\t<\/div>\n\t\t\t\t<\/div>\n\t\t\t\t<\/div>\n\t\t<div class=\"elementor-element elementor-element-6d810c2 e-flex e-con-boxed e-con\" data-id=\"6d810c2\" data-element_type=\"container\" data-settings=\"{&quot;content_width&quot;:&quot;boxed&quot;}\" data-e-bg-lazyload=\"\">\n\t\t\t\t\t<div class=\"e-con-inner\">\n\t\t<div class=\"elementor-element elementor-element-1c7b070 e-con-full e-flex e-con\" data-id=\"1c7b070\" data-element_type=\"container\" data-settings=\"{&quot;content_width&quot;:&quot;full&quot;}\">\n\t\t\t\t<div class=\"elementor-element elementor-element-d9b80a1 elementor-widget__width-initial elementor-widget elementor-widget-image\" data-id=\"d9b80a1\" data-element_type=\"widget\" data-widget_type=\"image.default\">\n\t\t\t\t<div class=\"elementor-widget-container\">\n\t\t\t<style>\/*! elementor - v3.15.0 - 26-07-2023 *\/\n.elementor-widget-image{text-align:center}.elementor-widget-image a{display:inline-block}.elementor-widget-image a img[src$=\".svg\"]{width:48px}.elementor-widget-image img{vertical-align:middle;display:inline-block}<\/style>\t\t\t\t\t\t\t\t\t\t\t\t<img loading=\"lazy\" decoding=\"async\" width=\"1166\" height=\"1536\" src=\"https:\/\/colcar.cl\/inicio\/wp-content\/uploads\/2023\/02\/Daniela-Cuevas-Espinoza-Directora-Colegio-Carmela-Carvajal-de-Prat-1166x1536.jpg\" class=\"attachment-1536x1536 size-1536x1536 wp-image-543\" alt=\"\" srcset=\"https:\/\/colcar.cl\/inicio\/wp-content\/uploads\/2023\/02\/Daniela-Cuevas-Espinoza-Directora-Colegio-Carmela-Carvajal-de-Prat-1166x1536.jpg 1166w, https:\/\/colcar.cl\/inicio\/wp-content\/uploads\/2023\/02\/Daniela-Cuevas-Espinoza-Directora-Colegio-Carmela-Carvajal-de-Prat-228x300.jpg 228w, https:\/\/colcar.cl\/inicio\/wp-content\/uploads\/2023\/02\/Daniela-Cuevas-Espinoza-Directora-Colegio-Carmela-Carvajal-de-Prat-778x1024.jpg 778w, https:\/\/colcar.cl\/inicio\/wp-content\/uploads\/2023\/02\/Daniela-Cuevas-Espinoza-Directora-Colegio-Carmela-Carvajal-de-Prat-768x1011.jpg 768w, https:\/\/colcar.cl\/inicio\/wp-content\/uploads\/2023\/02\/Daniela-Cuevas-Espinoza-Directora-Colegio-Carmela-Carvajal-de-Prat-1555x2048.jpg 1555w, https:\/\/colcar.cl\/inicio\/wp-content\/uploads\/2023\/02\/Daniela-Cuevas-Espinoza-Directora-Colegio-Carmela-Carvajal-de-Prat-scaled.jpg 1944w\" sizes=\"auto, (max-width: 1166px) 100vw, 1166px\" title=\"\">\t\t\t\t\t\t\t\t\t\t\t\t\t\t\t<\/div>\n\t\t\t\t<\/div>\n\t\t<div class=\"elementor-element elementor-element-33fcc22 e-flex e-con-boxed e-con\" data-id=\"33fcc22\" data-element_type=\"container\" data-settings=\"{&quot;content_width&quot;:&quot;boxed&quot;}\">\n\t\t\t\t\t<div class=\"e-con-inner\">\n\t\t\t\t<div class=\"elementor-element elementor-element-62e5ee3 elementor-widget elementor-widget-heading\" data-id=\"62e5ee3\" data-element_type=\"widget\" data-widget_type=\"heading.default\">\n\t\t\t\t<div class=\"elementor-widget-container\">\n\t\t\t<h2 class=\"elementor-heading-title elementor-size-default\">Equipo Directivo <\/h2>\t\t<\/div>\n\t\t\t\t<\/div>\n\t\t\t\t<div class=\"elementor-element elementor-element-1233e7c elementor-widget__width-initial elementor-widget elementor-widget-heading\" data-id=\"1233e7c\" data-element_type=\"widget\" data-widget_type=\"heading.default\">\n\t\t\t\t<div class=\"elementor-widget-container\">\n\t\t\t<h2 class=\"elementor-heading-title elementor-size-default\">Sra. Daniela<br>Cuevas Espinoza <\/h2>\t\t<\/div>\n\t\t\t\t<\/div>\n\t\t\t\t<div class=\"elementor-element elementor-element-8f41a60 elementor-widget elementor-widget-heading\" data-id=\"8f41a60\" data-element_type=\"widget\" data-widget_type=\"heading.default\">\n\t\t\t\t<div class=\"elementor-widget-container\">\n\t\t\t<h2 class=\"elementor-heading-title elementor-size-default\">Directora<\/h2>\t\t<\/div>\n\t\t\t\t<\/div>\n\t\t\t\t\t<\/div>\n\t\t\t\t<\/div>\n\t\t\t\t<\/div>\n\t\t\t\t\t<\/div>\n\t\t\t\t<\/div>\n\t\t<div class=\"elementor-element elementor-element-8e79286 e-con-full e-flex e-con\" data-id=\"8e79286\" data-element_type=\"container\" data-settings=\"{&quot;content_width&quot;:&quot;full&quot;,&quot;background_background&quot;:&quot;classic&quot;}\" data-e-bg-lazyload=\"\">\n\t\t<div class=\"elementor-element elementor-element-5fc082a e-con-full e-flex e-con\" data-id=\"5fc082a\" data-element_type=\"container\" data-settings=\"{&quot;content_width&quot;:&quot;full&quot;}\">\n\t\t\t\t<div class=\"elementor-element elementor-element-91e9888 elementor-widget elementor-widget-heading\" data-id=\"91e9888\" data-element_type=\"widget\" data-widget_type=\"heading.default\">\n\t\t\t\t<div class=\"elementor-widget-container\">\n\t\t\t<h2 class=\"elementor-heading-title elementor-size-default\">Equipo profesores <br>y asistentes de educaci\u00f3n <\/h2>\t\t<\/div>\n\t\t\t\t<\/div>\n\t\t\t\t<\/div>\n\t\t\t\t<\/div>\n\t\t<div class=\"elementor-element elementor-element-4f4cd5a e-flex e-con-boxed e-con\" data-id=\"4f4cd5a\" data-element_type=\"container\" data-settings=\"{&quot;content_width&quot;:&quot;boxed&quot;}\">\n\t\t\t\t\t<div class=\"e-con-inner\">\n\t\t<div class=\"elementor-element elementor-element-7d525e6 e-con-full e-flex e-con\" data-id=\"7d525e6\" data-element_type=\"container\" data-settings=\"{&quot;content_width&quot;:&quot;full&quot;}\">\n\t\t\t\t<div class=\"elementor-element elementor-element-9ceba8a elementor-widget elementor-widget-image\" data-id=\"9ceba8a\" data-element_type=\"widget\" data-widget_type=\"image.default\">\n\t\t\t\t<div class=\"elementor-widget-container\">\n\t\t\t\t\t\t\t\t\t\t\t\t\t\t\t<img loading=\"lazy\" decoding=\"async\" width=\"259\" height=\"300\" src=\"https:\/\/colcar.cl\/inicio\/wp-content\/uploads\/2023\/12\/Flavia-Catalan-e1703165536841-259x300.jpeg\" class=\"elementor-animation-bob attachment-medium size-medium wp-image-1504\" alt=\"\" srcset=\"https:\/\/colcar.cl\/inicio\/wp-content\/uploads\/2023\/12\/Flavia-Catalan-e1703165536841-259x300.jpeg 259w, https:\/\/colcar.cl\/inicio\/wp-content\/uploads\/2023\/12\/Flavia-Catalan-e1703165536841-885x1024.jpeg 885w, https:\/\/colcar.cl\/inicio\/wp-content\/uploads\/2023\/12\/Flavia-Catalan-e1703165536841-768x889.jpeg 768w, https:\/\/colcar.cl\/inicio\/wp-content\/uploads\/2023\/12\/Flavia-Catalan-e1703165536841.jpeg 930w\" sizes=\"auto, (max-width: 259px) 100vw, 259px\" title=\"\">\t\t\t\t\t\t\t\t\t\t\t\t\t\t\t<\/div>\n\t\t\t\t<\/div>\n\t\t\t\t<div class=\"elementor-element elementor-element-c3cc45d elementor-widget elementor-widget-heading\" data-id=\"c3cc45d\" data-element_type=\"widget\" data-widget_type=\"heading.default\">\n\t\t\t\t<div class=\"elementor-widget-container\">\n\t\t\t<h2 class=\"elementor-heading-title elementor-size-default\"><span style=\"color: var( --e-global-color-secondary );\">Sra. <\/span><span style=\"color: var( --e-global-color-secondary );\"> <\/span><span style=\"color: var( --e-global-color-secondary );\">Flavia Catal\u00e1n <\/span><\/h2>\t\t<\/div>\n\t\t\t\t<\/div>\n\t\t\t\t<div class=\"elementor-element elementor-element-58480c9 elementor-widget elementor-widget-heading\" data-id=\"58480c9\" data-element_type=\"widget\" data-widget_type=\"heading.default\">\n\t\t\t\t<div class=\"elementor-widget-container\">\n\t\t\t<h2 class=\"elementor-heading-title elementor-size-default\">Profesora jefe de 1\u00ba b\u00e1sico <\/h2>\t\t<\/div>\n\t\t\t\t<\/div>\n\t\t\t\t<\/div>\n\t\t<div class=\"elementor-element elementor-element-237d23c e-con-full e-flex e-con\" data-id=\"237d23c\" data-element_type=\"container\" data-settings=\"{&quot;content_width&quot;:&quot;full&quot;}\">\n\t\t\t\t<div class=\"elementor-element elementor-element-02a1bce elementor-widget elementor-widget-image\" data-id=\"02a1bce\" data-element_type=\"widget\" data-widget_type=\"image.default\">\n\t\t\t\t<div class=\"elementor-widget-container\">\n\t\t\t\t\t\t\t\t\t\t\t\t\t\t\t<img loading=\"lazy\" decoding=\"async\" width=\"282\" height=\"300\" src=\"https:\/\/colcar.cl\/inicio\/wp-content\/uploads\/2023\/12\/Yoselyn-Mora-scaled-e1703165731143-282x300.jpg\" class=\"elementor-animation-bob attachment-medium size-medium wp-image-1506\" alt=\"\" srcset=\"https:\/\/colcar.cl\/inicio\/wp-content\/uploads\/2023\/12\/Yoselyn-Mora-scaled-e1703165731143-282x300.jpg 282w, https:\/\/colcar.cl\/inicio\/wp-content\/uploads\/2023\/12\/Yoselyn-Mora-scaled-e1703165731143-961x1024.jpg 961w, https:\/\/colcar.cl\/inicio\/wp-content\/uploads\/2023\/12\/Yoselyn-Mora-scaled-e1703165731143-768x818.jpg 768w, https:\/\/colcar.cl\/inicio\/wp-content\/uploads\/2023\/12\/Yoselyn-Mora-scaled-e1703165731143-1441x1536.jpg 1441w, https:\/\/colcar.cl\/inicio\/wp-content\/uploads\/2023\/12\/Yoselyn-Mora-scaled-e1703165731143.jpg 1693w\" sizes=\"auto, (max-width: 282px) 100vw, 282px\" title=\"\">\t\t\t\t\t\t\t\t\t\t\t\t\t\t\t<\/div>\n\t\t\t\t<\/div>\n\t\t\t\t<div class=\"elementor-element elementor-element-a2bcb43 elementor-widget elementor-widget-heading\" data-id=\"a2bcb43\" data-element_type=\"widget\" data-widget_type=\"heading.default\">\n\t\t\t\t<div class=\"elementor-widget-container\">\n\t\t\t<h2 class=\"elementor-heading-title elementor-size-default\"><span style=\"color: var( --e-global-color-secondary );\">Srta. <\/span><span style=\"color: var( --e-global-color-secondary );\"> Yoselyn Mora <\/span><\/h2>\t\t<\/div>\n\t\t\t\t<\/div>\n\t\t\t\t<div class=\"elementor-element elementor-element-d5f503d elementor-widget elementor-widget-heading\" data-id=\"d5f503d\" data-element_type=\"widget\" data-widget_type=\"heading.default\">\n\t\t\t\t<div class=\"elementor-widget-container\">\n\t\t\t<h2 class=\"elementor-heading-title elementor-size-default\">Profesora jefe de 2\u00b0 b\u00e1sico<\/h2>\t\t<\/div>\n\t\t\t\t<\/div>\n\t\t\t\t<\/div>\n\t\t<div class=\"elementor-element elementor-element-a85725c e-con-full e-flex e-con\" data-id=\"a85725c\" data-element_type=\"container\" data-settings=\"{&quot;content_width&quot;:&quot;full&quot;}\">\n\t\t\t\t<div class=\"elementor-element elementor-element-f8ae902 elementor-widget elementor-widget-image\" data-id=\"f8ae902\" data-element_type=\"widget\" data-widget_type=\"image.default\">\n\t\t\t\t<div class=\"elementor-widget-container\">\n\t\t\t\t\t\t\t\t\t\t\t\t\t\t\t<img loading=\"lazy\" decoding=\"async\" width=\"253\" height=\"300\" src=\"https:\/\/colcar.cl\/inicio\/wp-content\/uploads\/2024\/02\/Victoria-Puentes-e1708374430553-253x300.jpeg\" class=\"elementor-animation-bob attachment-medium size-medium wp-image-1540\" alt=\"\" srcset=\"https:\/\/colcar.cl\/inicio\/wp-content\/uploads\/2024\/02\/Victoria-Puentes-e1708374430553-253x300.jpeg 253w, https:\/\/colcar.cl\/inicio\/wp-content\/uploads\/2024\/02\/Victoria-Puentes-e1708374430553-864x1024.jpeg 864w, https:\/\/colcar.cl\/inicio\/wp-content\/uploads\/2024\/02\/Victoria-Puentes-e1708374430553-768x910.jpeg 768w, https:\/\/colcar.cl\/inicio\/wp-content\/uploads\/2024\/02\/Victoria-Puentes-e1708374430553.jpeg 949w\" sizes=\"auto, (max-width: 253px) 100vw, 253px\" title=\"\">\t\t\t\t\t\t\t\t\t\t\t\t\t\t\t<\/div>\n\t\t\t\t<\/div>\n\t\t\t\t<div class=\"elementor-element elementor-element-4af7248 elementor-widget elementor-widget-heading\" data-id=\"4af7248\" data-element_type=\"widget\" data-widget_type=\"heading.default\">\n\t\t\t\t<div class=\"elementor-widget-container\">\n\t\t\t<h2 class=\"elementor-heading-title elementor-size-default\"><span style=\"color: var( --e-global-color-secondary );\">Srta. <\/span><span style=\"color: var( --e-global-color-secondary );\"> Victoria Puentes<\/span><\/h2>\t\t<\/div>\n\t\t\t\t<\/div>\n\t\t\t\t<div class=\"elementor-element elementor-element-12f8993 elementor-widget elementor-widget-heading\" data-id=\"12f8993\" data-element_type=\"widget\" data-widget_type=\"heading.default\">\n\t\t\t\t<div class=\"elementor-widget-container\">\n\t\t\t<h2 class=\"elementor-heading-title elementor-size-default\">Profesora jefe de 3\u00ba y 4\u00ba b\u00e1sico<\/h2>\t\t<\/div>\n\t\t\t\t<\/div>\n\t\t\t\t<\/div>\n\t\t\t\t\t<\/div>\n\t\t\t\t<\/div>\n\t\t<div class=\"elementor-element elementor-element-532569d e-flex e-con-boxed e-con\" data-id=\"532569d\" data-element_type=\"container\" data-settings=\"{&quot;content_width&quot;:&quot;boxed&quot;}\">\n\t\t\t\t\t<div class=\"e-con-inner\">\n\t\t<div class=\"elementor-element elementor-element-22f4c05 e-con-full e-flex e-con\" data-id=\"22f4c05\" data-element_type=\"container\" data-settings=\"{&quot;content_width&quot;:&quot;full&quot;}\">\n\t\t\t\t<div class=\"elementor-element elementor-element-5ef6e73 elementor-widget elementor-widget-image\" data-id=\"5ef6e73\" data-element_type=\"widget\" data-widget_type=\"image.default\">\n\t\t\t\t<div class=\"elementor-widget-container\">\n\t\t\t\t\t\t\t\t\t\t\t\t\t\t\t<img loading=\"lazy\" decoding=\"async\" width=\"252\" height=\"300\" src=\"https:\/\/colcar.cl\/inicio\/wp-content\/uploads\/2023\/12\/Paula-Diaz-1-e1703165476745-252x300.jpeg\" class=\"elementor-animation-bob attachment-medium size-medium wp-image-1503\" alt=\"\" srcset=\"https:\/\/colcar.cl\/inicio\/wp-content\/uploads\/2023\/12\/Paula-Diaz-1-e1703165476745-252x300.jpeg 252w, https:\/\/colcar.cl\/inicio\/wp-content\/uploads\/2023\/12\/Paula-Diaz-1-e1703165476745-859x1024.jpeg 859w, https:\/\/colcar.cl\/inicio\/wp-content\/uploads\/2023\/12\/Paula-Diaz-1-e1703165476745-768x916.jpeg 768w, https:\/\/colcar.cl\/inicio\/wp-content\/uploads\/2023\/12\/Paula-Diaz-1-e1703165476745.jpeg 930w\" sizes=\"auto, (max-width: 252px) 100vw, 252px\" title=\"\">\t\t\t\t\t\t\t\t\t\t\t\t\t\t\t<\/div>\n\t\t\t\t<\/div>\n\t\t\t\t<div class=\"elementor-element elementor-element-833c174 elementor-widget elementor-widget-heading\" data-id=\"833c174\" data-element_type=\"widget\" data-widget_type=\"heading.default\">\n\t\t\t\t<div class=\"elementor-widget-container\">\n\t\t\t<h2 class=\"elementor-heading-title elementor-size-default\">Sra. <span style=\"color: var( --e-global-color-secondary );\"> Paula D\u00edaz<\/span><\/h2>\t\t<\/div>\n\t\t\t\t<\/div>\n\t\t\t\t<div class=\"elementor-element elementor-element-b8f2ac7 elementor-widget elementor-widget-heading\" data-id=\"b8f2ac7\" data-element_type=\"widget\" data-widget_type=\"heading.default\">\n\t\t\t\t<div class=\"elementor-widget-container\">\n\t\t\t<h2 class=\"elementor-heading-title elementor-size-default\">Profesora jefe de 5\u00ba y 6\u00ba b\u00e1sico<\/h2>\t\t<\/div>\n\t\t\t\t<\/div>\n\t\t\t\t<\/div>\n\t\t<div class=\"elementor-element elementor-element-587530c e-con-full e-flex e-con\" data-id=\"587530c\" data-element_type=\"container\" data-settings=\"{&quot;content_width&quot;:&quot;full&quot;}\">\n\t\t\t\t<div class=\"elementor-element elementor-element-17e323e elementor-widget elementor-widget-image\" data-id=\"17e323e\" data-element_type=\"widget\" data-widget_type=\"image.default\">\n\t\t\t\t<div class=\"elementor-widget-container\">\n\t\t\t\t\t\t\t\t\t\t\t\t\t\t\t<img loading=\"lazy\" decoding=\"async\" width=\"199\" height=\"300\" src=\"https:\/\/colcar.cl\/inicio\/wp-content\/uploads\/2023\/12\/Carolina-Henriquez-e1703165782976-199x300.jpeg\" class=\"elementor-animation-bob attachment-medium size-medium wp-image-1508\" alt=\"\" srcset=\"https:\/\/colcar.cl\/inicio\/wp-content\/uploads\/2023\/12\/Carolina-Henriquez-e1703165782976-199x300.jpeg 199w, https:\/\/colcar.cl\/inicio\/wp-content\/uploads\/2023\/12\/Carolina-Henriquez-e1703165782976.jpeg 563w\" sizes=\"auto, (max-width: 199px) 100vw, 199px\" title=\"\">\t\t\t\t\t\t\t\t\t\t\t\t\t\t\t<\/div>\n\t\t\t\t<\/div>\n\t\t\t\t<div class=\"elementor-element elementor-element-731a707 elementor-widget elementor-widget-heading\" data-id=\"731a707\" data-element_type=\"widget\" data-widget_type=\"heading.default\">\n\t\t\t\t<div class=\"elementor-widget-container\">\n\t\t\t<h2 class=\"elementor-heading-title elementor-size-default\">Srta. Carolina Henr\u00edquez<\/h2>\t\t<\/div>\n\t\t\t\t<\/div>\n\t\t\t\t<div class=\"elementor-element elementor-element-a432998 elementor-widget elementor-widget-heading\" data-id=\"a432998\" data-element_type=\"widget\" data-widget_type=\"heading.default\">\n\t\t\t\t<div class=\"elementor-widget-container\">\n\t\t\t<h2 class=\"elementor-heading-title elementor-size-default\">Profesora de Religi\u00f3n<\/h2>\t\t<\/div>\n\t\t\t\t<\/div>\n\t\t\t\t<\/div>\n\t\t<div class=\"elementor-element elementor-element-a1b53ce e-con-full e-flex e-con\" data-id=\"a1b53ce\" data-element_type=\"container\" data-settings=\"{&quot;content_width&quot;:&quot;full&quot;}\">\n\t\t\t\t<div class=\"elementor-element elementor-element-85f9a70 elementor-widget elementor-widget-image\" data-id=\"85f9a70\" data-element_type=\"widget\" data-widget_type=\"image.default\">\n\t\t\t\t<div class=\"elementor-widget-container\">\n\t\t\t\t\t\t\t\t\t\t\t\t\t\t\t<img loading=\"lazy\" decoding=\"async\" width=\"283\" height=\"300\" src=\"https:\/\/colcar.cl\/inicio\/wp-content\/uploads\/2024\/03\/image_123650291-283x300.jpg\" class=\"elementor-animation-bob attachment-medium size-medium wp-image-1577\" alt=\"\" srcset=\"https:\/\/colcar.cl\/inicio\/wp-content\/uploads\/2024\/03\/image_123650291-283x300.jpg 283w, https:\/\/colcar.cl\/inicio\/wp-content\/uploads\/2024\/03\/image_123650291-768x815.jpg 768w, https:\/\/colcar.cl\/inicio\/wp-content\/uploads\/2024\/03\/image_123650291.jpg 816w\" sizes=\"auto, (max-width: 283px) 100vw, 283px\" title=\"\">\t\t\t\t\t\t\t\t\t\t\t\t\t\t\t<\/div>\n\t\t\t\t<\/div>\n\t\t\t\t<div class=\"elementor-element elementor-element-bd5e80c elementor-widget elementor-widget-heading\" data-id=\"bd5e80c\" data-element_type=\"widget\" data-widget_type=\"heading.default\">\n\t\t\t\t<div class=\"elementor-widget-container\">\n\t\t\t<h2 class=\"elementor-heading-title elementor-size-default\">Srta. Karina Olivares<\/h2>\t\t<\/div>\n\t\t\t\t<\/div>\n\t\t\t\t<div class=\"elementor-element elementor-element-da95e16 elementor-widget elementor-widget-heading\" data-id=\"da95e16\" data-element_type=\"widget\" data-widget_type=\"heading.default\">\n\t\t\t\t<div class=\"elementor-widget-container\">\n\t\t\t<h2 class=\"elementor-heading-title elementor-size-default\">Profesora de Ingl\u00e9s<\/h2>\t\t<\/div>\n\t\t\t\t<\/div>\n\t\t\t\t<\/div>\n\t\t\t\t\t<\/div>\n\t\t\t\t<\/div>\n\t\t<div class=\"elementor-element elementor-element-5e12abe e-flex e-con-boxed e-con\" data-id=\"5e12abe\" data-element_type=\"container\" data-settings=\"{&quot;content_width&quot;:&quot;boxed&quot;}\">\n\t\t\t\t\t<div class=\"e-con-inner\">\n\t\t<div class=\"elementor-element elementor-element-5e4f408 e-con-full e-flex e-con\" data-id=\"5e4f408\" data-element_type=\"container\" data-settings=\"{&quot;content_width&quot;:&quot;full&quot;}\">\n\t\t\t\t<div class=\"elementor-element elementor-element-59d5006 elementor-widget elementor-widget-image\" data-id=\"59d5006\" data-element_type=\"widget\" data-widget_type=\"image.default\">\n\t\t\t\t<div class=\"elementor-widget-container\">\n\t\t\t\t\t\t\t\t\t\t\t\t\t\t\t<img loading=\"lazy\" decoding=\"async\" width=\"240\" height=\"300\" src=\"https:\/\/colcar.cl\/inicio\/wp-content\/uploads\/2024\/02\/02-19-at-17.12.00-240x300.jpeg\" class=\"elementor-animation-bob attachment-medium size-medium wp-image-1536\" alt=\"\" srcset=\"https:\/\/colcar.cl\/inicio\/wp-content\/uploads\/2024\/02\/02-19-at-17.12.00-240x300.jpeg 240w, https:\/\/colcar.cl\/inicio\/wp-content\/uploads\/2024\/02\/02-19-at-17.12.00-819x1024.jpeg 819w, https:\/\/colcar.cl\/inicio\/wp-content\/uploads\/2024\/02\/02-19-at-17.12.00-768x961.jpeg 768w, https:\/\/colcar.cl\/inicio\/wp-content\/uploads\/2024\/02\/02-19-at-17.12.00-1228x1536.jpeg 1228w, https:\/\/colcar.cl\/inicio\/wp-content\/uploads\/2024\/02\/02-19-at-17.12.00.jpeg 1279w\" sizes=\"auto, (max-width: 240px) 100vw, 240px\" title=\"\">\t\t\t\t\t\t\t\t\t\t\t\t\t\t\t<\/div>\n\t\t\t\t<\/div>\n\t\t\t\t<div class=\"elementor-element elementor-element-4907dc9 elementor-widget elementor-widget-heading\" data-id=\"4907dc9\" data-element_type=\"widget\" data-widget_type=\"heading.default\">\n\t\t\t\t<div class=\"elementor-widget-container\">\n\t\t\t<h2 class=\"elementor-heading-title elementor-size-default\">Srta. Lesly Mayorga<\/h2>\t\t<\/div>\n\t\t\t\t<\/div>\n\t\t\t\t<div class=\"elementor-element elementor-element-61431ae elementor-widget__width-initial elementor-widget elementor-widget-heading\" data-id=\"61431ae\" data-element_type=\"widget\" data-widget_type=\"heading.default\">\n\t\t\t\t<div class=\"elementor-widget-container\">\n\t\t\t<h2 class=\"elementor-heading-title elementor-size-default\">Contadora y<br>Encargada de inform\u00e1tica<\/h2>\t\t<\/div>\n\t\t\t\t<\/div>\n\t\t\t\t<\/div>\n\t\t<div class=\"elementor-element elementor-element-3754fb0 e-con-full e-flex e-con\" data-id=\"3754fb0\" data-element_type=\"container\" data-settings=\"{&quot;content_width&quot;:&quot;full&quot;}\">\n\t\t\t\t<div class=\"elementor-element elementor-element-7238b78 elementor-widget elementor-widget-image\" data-id=\"7238b78\" data-element_type=\"widget\" data-widget_type=\"image.default\">\n\t\t\t\t<div class=\"elementor-widget-container\">\n\t\t\t\t\t\t\t\t\t\t\t\t\t\t\t<img loading=\"lazy\" decoding=\"async\" width=\"259\" height=\"300\" src=\"https:\/\/colcar.cl\/inicio\/wp-content\/uploads\/2023\/12\/Luisa-Torres-1-e1703165864278-259x300.jpeg\" class=\"elementor-animation-bob attachment-medium size-medium wp-image-1510\" alt=\"\" srcset=\"https:\/\/colcar.cl\/inicio\/wp-content\/uploads\/2023\/12\/Luisa-Torres-1-e1703165864278-259x300.jpeg 259w, https:\/\/colcar.cl\/inicio\/wp-content\/uploads\/2023\/12\/Luisa-Torres-1-e1703165864278-885x1024.jpeg 885w, https:\/\/colcar.cl\/inicio\/wp-content\/uploads\/2023\/12\/Luisa-Torres-1-e1703165864278-768x889.jpeg 768w, https:\/\/colcar.cl\/inicio\/wp-content\/uploads\/2023\/12\/Luisa-Torres-1-e1703165864278.jpeg 930w\" sizes=\"auto, (max-width: 259px) 100vw, 259px\" title=\"\">\t\t\t\t\t\t\t\t\t\t\t\t\t\t\t<\/div>\n\t\t\t\t<\/div>\n\t\t\t\t<div class=\"elementor-element elementor-element-c377350 elementor-widget elementor-widget-heading\" data-id=\"c377350\" data-element_type=\"widget\" data-widget_type=\"heading.default\">\n\t\t\t\t<div class=\"elementor-widget-container\">\n\t\t\t<h2 class=\"elementor-heading-title elementor-size-default\">Sra. Luisa Torres<\/h2>\t\t<\/div>\n\t\t\t\t<\/div>\n\t\t\t\t<div class=\"elementor-element elementor-element-ddd34cd elementor-widget elementor-widget-heading\" data-id=\"ddd34cd\" data-element_type=\"widget\" data-widget_type=\"heading.default\">\n\t\t\t\t<div class=\"elementor-widget-container\">\n\t\t\t<h2 class=\"elementor-heading-title elementor-size-default\">Inspectora de patio<\/h2>\t\t<\/div>\n\t\t\t\t<\/div>\n\t\t\t\t<\/div>\n\t\t<div class=\"elementor-element elementor-element-e7997ff e-con-full e-flex e-con\" data-id=\"e7997ff\" data-element_type=\"container\" data-settings=\"{&quot;content_width&quot;:&quot;full&quot;}\">\n\t\t\t\t<div class=\"elementor-element elementor-element-e3f5cc9 elementor-widget elementor-widget-image\" data-id=\"e3f5cc9\" data-element_type=\"widget\" data-widget_type=\"image.default\">\n\t\t\t\t<div class=\"elementor-widget-container\">\n\t\t\t\t\t\t\t\t\t\t\t\t\t\t\t<img loading=\"lazy\" decoding=\"async\" width=\"247\" height=\"300\" src=\"https:\/\/colcar.cl\/inicio\/wp-content\/uploads\/2023\/12\/Miguel-Soto-scaled-e1703165915282-247x300.jpg\" class=\"elementor-animation-bob attachment-medium size-medium wp-image-1511\" alt=\"\" srcset=\"https:\/\/colcar.cl\/inicio\/wp-content\/uploads\/2023\/12\/Miguel-Soto-scaled-e1703165915282-247x300.jpg 247w, https:\/\/colcar.cl\/inicio\/wp-content\/uploads\/2023\/12\/Miguel-Soto-scaled-e1703165915282-843x1024.jpg 843w, https:\/\/colcar.cl\/inicio\/wp-content\/uploads\/2023\/12\/Miguel-Soto-scaled-e1703165915282-768x933.jpg 768w, https:\/\/colcar.cl\/inicio\/wp-content\/uploads\/2023\/12\/Miguel-Soto-scaled-e1703165915282-1264x1536.jpg 1264w, https:\/\/colcar.cl\/inicio\/wp-content\/uploads\/2023\/12\/Miguel-Soto-scaled-e1703165915282-1686x2048.jpg 1686w, https:\/\/colcar.cl\/inicio\/wp-content\/uploads\/2023\/12\/Miguel-Soto-scaled-e1703165915282.jpg 2030w\" sizes=\"auto, (max-width: 247px) 100vw, 247px\" title=\"\">\t\t\t\t\t\t\t\t\t\t\t\t\t\t\t<\/div>\n\t\t\t\t<\/div>\n\t\t\t\t<div class=\"elementor-element elementor-element-059a640 elementor-widget elementor-widget-heading\" data-id=\"059a640\" data-element_type=\"widget\" data-widget_type=\"heading.default\">\n\t\t\t\t<div class=\"elementor-widget-container\">\n\t\t\t<h2 class=\"elementor-heading-title elementor-size-default\">Sr. Miguel Soto<\/h2>\t\t<\/div>\n\t\t\t\t<\/div>\n\t\t\t\t<div class=\"elementor-element elementor-element-9dcddcf elementor-widget elementor-widget-heading\" data-id=\"9dcddcf\" data-element_type=\"widget\" data-widget_type=\"heading.default\">\n\t\t\t\t<div class=\"elementor-widget-container\">\n\t\t\t<h2 class=\"elementor-heading-title elementor-size-default\">Auxiliar<\/h2>\t\t<\/div>\n\t\t\t\t<\/div>\n\t\t\t\t<\/div>\n\t\t\t\t\t<\/div>\n\t\t\t\t<\/div>\n\t\t\t\t\t\t\t<\/div>\n\t\t","protected":false},"excerpt":{"rendered":"<p>Nosotros COLEGIO CARMELA CARVAJAL DE PRAT El 19 de Noviembre de 1941 nace en la Isla Quiriquina, comuna de Talcahuano, la escuela p\u00fablica N\u00ba22, perteneciente al Ministerio de Educaci\u00f3n. En 1981 pasa a depender del Sistema Comunal de Educaci\u00f3n de la Municipalidad de Talcahuano, siendo traspasada finalmente a la Fundaci\u00f3n Almirante Carlos Condell en el [&hellip;]<\/p>\n","protected":false},"author":1,"featured_media":0,"parent":0,"menu_order":0,"comment_status":"closed","ping_status":"closed","template":"elementor_header_footer","meta":{"footnotes":""},"class_list":["post-290","page","type-page","status-publish","hentry"],"_links":{"self":[{"href":"https:\/\/colcar.cl\/inicio\/wp-json\/wp\/v2\/pages\/290","targetHints":{"allow":["GET"]}}],"collection":[{"href":"https:\/\/colcar.cl\/inicio\/wp-json\/wp\/v2\/pages"}],"about":[{"href":"https:\/\/colcar.cl\/inicio\/wp-json\/wp\/v2\/types\/page"}],"author":[{"embeddable":true,"href":"https:\/\/colcar.cl\/inicio\/wp-json\/wp\/v2\/users\/1"}],"replies":[{"embeddable":true,"href":"https:\/\/colcar.cl\/inicio\/wp-json\/wp\/v2\/comments?post=290"}],"version-history":[{"count":102,"href":"https:\/\/colcar.cl\/inicio\/wp-json\/wp\/v2\/pages\/290\/revisions"}],"predecessor-version":[{"id":3039,"href":"https:\/\/colcar.cl\/inicio\/wp-json\/wp\/v2\/pages\/290\/revisions\/3039"}],"wp:attachment":[{"href":"https:\/\/colcar.cl\/inicio\/wp-json\/wp\/v2\/media?parent=290"}],"curies":[{"name":"wp","href":"https:\/\/api.w.org\/{rel}","templated":true}]}}